{"id":5009,"date":"2024-05-08T16:00:24","date_gmt":"2024-05-08T15:00:24","guid":{"rendered":"https:\/\/tuttipertutti.org\/?post_type=tribe_events&#038;p=5009"},"modified":"2024-05-10T07:40:09","modified_gmt":"2024-05-10T06:40:09","slug":"arte-inclusiva","status":"publish","type":"tribe_events","link":"https:\/\/tuttipertutti.org\/index.php\/event\/arte-inclusiva\/","title":{"rendered":"Progetto &#8220;Te cuento de Mi&#8221;"},"content":{"rendered":"<div  class=\"tribe-events-schedule tribe-clearfix\" >\n\t<h2 class=\"tribe-events-schedule__datetime\">\n\t\t<span class=\"tribe-events-schedule__date tribe-events-schedule__date--start\">\n\t\t\t16 Maggio 2024\t\t<\/span>\n\n\t\t\t\t\t<span class=\"tribe-events-schedule__separator tribe-events-schedule__separator--date\">\n\t\t\t\t @ \t\t\t<\/span>\n\t\t\t<span class=\"tribe-events-schedule__time tribe-events-schedule__time--start\">\n\t\t\t\t16:30\t\t\t<\/span>\n\t\t\n\t\t\t\t\t\t\t\t\t<span class=\"tribe-events-schedule__separator tribe-events-schedule__separator--time\">\n\t\t\t\t\t &#8211; \t\t\t\t<\/span>\n\t\t\t\n\t\t\t\t\t\t\t<span class=\"tribe-events-schedule__time tribe-events-schedule__time--end\">\n\t\t\t\t\t18:00\t\t\t\t<\/span>\n\t\t\t\n\t\t\t\t\t\t<\/h2>\n<\/div>\n\n\n\n<p>( <strong><em>Ti Racconto di me<\/em><\/strong> )<\/p>\n\n\n\n<p>Si tratta di un progetto \u2013 espressivo creativo &#8211; organizzato da <strong><em>Tutti x Tutti APS<\/em><\/strong> con la partecipazione de<em>llo<\/em><strong><em> sportello Autismo -the @utism helper- rete Casentino<\/em><\/strong>, condiviso dalla <strong>Bocciofila Bibbienese<\/strong> e condotto dalla <strong><em>dott.ssa Romina Zanchetta<\/em><\/strong>, nata a Cordoba e residente ad Arezzo \u2013 laureata in psicologia, esperta in neuroscienze e tecniche espressive e creative.<\/p>\n\n\n\n<figure class=\"wp-block-image size-large\"><img loading=\"lazy\" decoding=\"async\" width=\"1024\" height=\"1024\" src=\"https:\/\/tuttipertutti.org\/wp-content\/uploads\/2024\/05\/fotor-ai-2024051083933-1024x1024.jpg\" alt=\"\" class=\"wp-image-5053\" srcset=\"https:\/\/tuttipertutti.org\/wp-content\/uploads\/2024\/05\/fotor-ai-2024051083933-1024x1024.jpg 1024w, https:\/\/tuttipertutti.org\/wp-content\/uploads\/2024\/05\/fotor-ai-2024051083933-300x300.jpg 300w, https:\/\/tuttipertutti.org\/wp-content\/uploads\/2024\/05\/fotor-ai-2024051083933-150x150.jpg 150w, https:\/\/tuttipertutti.org\/wp-content\/uploads\/2024\/05\/fotor-ai-2024051083933-768x768.jpg 768w, https:\/\/tuttipertutti.org\/wp-content\/uploads\/2024\/05\/fotor-ai-2024051083933-1536x1536.jpg 1536w, https:\/\/tuttipertutti.org\/wp-content\/uploads\/2024\/05\/fotor-ai-2024051083933.jpg 2048w\" sizes=\"auto, (max-width: 1024px) 100vw, 1024px\" \/><\/figure>\n\n\n\n<hr class=\"wp-block-separator has-alpha-channel-opacity is-style-dots\"\/>\n\n\n\n<p>Si svolger\u00e0 presso il <strong><em>Circolo Arci Bocciofila Bibbienese<\/em><\/strong>, che si \u00e8 reso disponibile per offrire lo spazio in cui mettersi all\u2019opera, dalle ore 16:30 alle ore 18:00, nelle seguenti giornate:<\/p>\n\n\n\n<p><strong><em>Gioved\u00ec 16 MAGGIO<\/em><\/strong><\/p>\n\n\n\n<p><strong><em>Gioved\u00ec 23 MAGGIO<\/em><\/strong><\/p>\n\n\n\n<p><strong><em>Gioved\u00ec 30 MAGGIO<\/em><\/strong><\/p>\n\n\n\n<p><strong><em>Gioved\u00ec 6 GIUGNO<\/em><\/strong><\/p>\n\n\n\n<p>Nel percorso di questi quattro laboratori si cecher\u00e0 di offrire ai partecipanti la possibilit\u00e0 di esprimere il proprio estro creativo in un contesto ludico e accogliente, che faciliti anche il contatto con le proprie emozioni. Verranno agevolate la creativit\u00e0 e l\u2019espressivit\u00e0 attraverso colori e vari materiali, sia quelli destinati alle attivit\u00e0 pittoriche e di disegno, sia materiali di recupero, carta, stoffa, sassi, riviste etc. per raccontarsi attraverso l\u2019arte come forma espressiva.<\/p>\n\n\n\n<p>Per la partecipazione ai laboratori si richiede di compilare il modulo riportato di seguito in questa pagina.<\/p>\n\n\n\n<p>Le iscrizioni termineranno in data 15 maggio 2024 e comunque al raggiungimento del numero massimo di partecipanti, indicativamente pari a 20.<\/p>\n\n\n\n<p>Il progetto \u00e8 strutturato per ragazzi di et\u00e0 dai 10 ai 17 anni, con priorit\u00e0 riservata ai soci di Tutti x Tutti e loro familiari, e non prevede spese di iscrizione (la partecipazione \u00e8 gratuita).<\/p>\n\n\n\n<p><\/p>\n\n\n\n<hr class=\"wp-block-separator has-alpha-channel-opacity is-style-wide\"\/>\n\n\n\n<p><\/p>\n\n\n\n<p class=\"has-black-color has-text-color has-link-color wp-elements-da61638fcb4d8660a7e949dc2b7c35de\"><strong>Modulo richiesta iscrizione al laboratorio:<\/strong><\/p>\n\n\n\n<div class=\"wpcf7 no-js\" id=\"wpcf7-f5008-o1\" lang=\"it-IT\" dir=\"ltr\" data-wpcf7-id=\"5008\">\n<div class=\"screen-reader-response\"><p role=\"status\" aria-live=\"polite\" aria-atomic=\"true\"><\/p> <ul><\/ul><\/div>\n<form action=\"\/index.php\/wp-json\/wp\/v2\/tribe_events\/5009#wpcf7-f5008-o1\" method=\"post\" class=\"wpcf7-form init\" aria-label=\"Modulo di contatto\" novalidate=\"novalidate\" data-status=\"init\">\n<div style=\"display: none;\">\n<input type=\"hidden\" name=\"_wpcf7\" value=\"5008\" \/>\n<input type=\"hidden\" name=\"_wpcf7_version\" value=\"6.0.6\" \/>\n<input type=\"hidden\" name=\"_wpcf7_locale\" value=\"it_IT\" \/>\n<input type=\"hidden\" name=\"_wpcf7_unit_tag\" value=\"wpcf7-f5008-o1\" \/>\n<input type=\"hidden\" name=\"_wpcf7_container_post\" value=\"0\" \/>\n<input type=\"hidden\" name=\"_wpcf7_posted_data_hash\" value=\"\" \/>\n<\/div>\n<div class='itm row' >\n\t<p><span class=\"wpcf7-form-control-wrap\" data-name=\"genitore\"><input size=\"40\" maxlength=\"400\" class=\"wpcf7-form-control wpcf7-text wpcf7-validates-as-required\" aria-required=\"true\" aria-invalid=\"false\" placeholder=\"Nome\/Cognome del genitore*\" value=\"\" type=\"text\" name=\"genitore\" \/><\/span>\n\t<\/p>\n<\/div>\n<div class='itm row' >\n\t<p><span class=\"wpcf7-form-control-wrap\" data-name=\"telefono\"><input size=\"40\" maxlength=\"400\" class=\"wpcf7-form-control wpcf7-tel wpcf7-validates-as-required wpcf7-text wpcf7-validates-as-tel\" aria-required=\"true\" aria-invalid=\"false\" placeholder=\"Telefono*\" value=\"\" type=\"tel\" name=\"telefono\" \/><\/span>\n\t<\/p>\n<\/div>\n<div class='itm row' >\n\t<p>Genitore socio dell'associazione <span class=\"wpcf7-form-control-wrap\" data-name=\"socio\"><select class=\"wpcf7-form-control wpcf7-select\" aria-invalid=\"false\" name=\"socio\"><option value=\"SI\">SI<\/option><option value=\"NO\">NO<\/option><\/select><\/span>\n\t<\/p>\n<\/div>\n<div class='itm row' >\n\t<p><span class=\"wpcf7-form-control-wrap\" data-name=\"partecipante\"><input size=\"40\" maxlength=\"400\" class=\"wpcf7-form-control wpcf7-text wpcf7-validates-as-required\" aria-required=\"true\" aria-invalid=\"false\" placeholder=\"Nome\/Cognome partecipante*\" value=\"\" type=\"text\" name=\"partecipante\" \/><\/span>\n\t<\/p>\n<\/div>\n<div class='itm row' >\n\t<p>Et\u00e0 partecipante <span class=\"wpcf7-form-control-wrap\" data-name=\"eta\"><input class=\"wpcf7-form-control wpcf7-number wpcf7-validates-as-required wpcf7-validates-as-number\" min=\"10\" max=\"99\" aria-required=\"true\" aria-invalid=\"false\" value=\"\" type=\"number\" name=\"eta\" \/><\/span>\n\t<\/p>\n<\/div>\n<div class='itm row'>\n\t<p><span class=\"wpcf7-form-control-wrap\" data-name=\"email\"><input size=\"40\" maxlength=\"400\" class=\"wpcf7-form-control wpcf7-email wpcf7-validates-as-required wpcf7-text wpcf7-validates-as-email\" aria-required=\"true\" aria-invalid=\"false\" placeholder=\"Email*\" value=\"\" type=\"email\" name=\"email\" \/><\/span>\n\t<\/p>\n<\/div>\n<p><span class=\"wpcf7-form-control-wrap\" data-name=\"message\"><textarea cols=\"40\" rows=\"10\" maxlength=\"2000\" class=\"wpcf7-form-control wpcf7-textarea wpcf7-validates-as-required\" aria-required=\"true\" aria-invalid=\"false\" name=\"message\">Con la presente si richiede l&#039;iscrizione del suddetto partecipante al Laboratorio di arte inclusiva. La compilazione e invio del presente form non garantisce la partecipazione al progetto. A questo proposito riceverete una risposta da parte dell&#039;associazione<\/textarea><\/span>\n<\/p>\n<p>Accetto espressamente l'informativa sulla privacy consultabile al link <a href=\"https:\/\/tuttipertutti.org\/index.php\/privacy-policy\/\">https:\/\/tuttipertutti.org\/index.php\/privacy-policy<\/a><span class=\"wpcf7-form-control-wrap\" data-name=\"privacy\"><span class=\"wpcf7-form-control wpcf7-checkbox wpcf7-validates-as-required wpcf7-exclusive-checkbox\"><span class=\"wpcf7-list-item first last\"><label><input type=\"checkbox\" name=\"privacy\" value=\"Accetto\" \/><span class=\"wpcf7-list-item-label\">Accetto<\/span><\/label><\/span><\/span><\/span>\n<\/p>\n<div class=\"sc_form_field sc_form_field_button sc_form_field_submit\">\n\t<p><input class=\"wpcf7-form-control wpcf7-submit has-spinner\" type=\"submit\" value=\"Richiedi Adesso\" \/>\n\t<\/p>\n<\/div><p style=\"display: none !important;\" class=\"akismet-fields-container\" data-prefix=\"_wpcf7_ak_\"><label>&#916;<textarea name=\"_wpcf7_ak_hp_textarea\" cols=\"45\" rows=\"8\" maxlength=\"100\"><\/textarea><\/label><input type=\"hidden\" id=\"ak_js_1\" name=\"_wpcf7_ak_js\" value=\"165\"\/><script>document.getElementById( \"ak_js_1\" ).setAttribute( \"value\", ( new Date() ).getTime() );<\/script><\/p><div class=\"wpcf7-response-output\" aria-hidden=\"true\"><\/div>\n<\/form>\n<\/div>\n\r\n\t\t\t\t<script>\r\n\t\t\t\tif ( typeof huOptions !== 'undefined' ) {\r\n\t\t\t\t\tvar huFormData = {\"source\":\"contactform7\",\"id\":5008,\"title\":\"Form-iscrizione-Arte-Inclusiva\",\"fields\":{\"subject\":{\"first_name\":\"your-name\",\"email\":\"your-email\"},\"preferences\":{\"terms\":\"your-consent\"}}};\r\n\t\t\t\t\tvar huFormNode = document.querySelector( '[id^=\"wpcf7-f5008-\"] form' );\r\n\r\n\t\t\t\t\thuFormData['node'] = huFormNode;\r\n\t\t\t\t\thuOptions['forms'].push( huFormData );\r\n\t\t\t\t}\r\n\t\t\t\t<\/script>\n\n\n\n<p><\/p>\n\n\n\n<p><\/p>\n\n\n\n<p><\/p>\n","protected":false},"excerpt":{"rendered":"<p>( Ti Racconto di me ) Si tratta di un progetto \u2013 espressivo creativo &#8211; organizzato da Tutti x Tutti APS con la partecipazione dello sportello Autismo -the @utism helper- [&hellip;]<\/p>\n","protected":false},"author":1,"featured_media":5053,"template":"","meta":{"_EventAllDay":false,"_EventTimezone":"UTC+1","_EventStartDate":"2024-05-16 16:30:00","_EventEndDate":"2024-05-16 18:00:00","_EventStartDateUTC":"2024-05-16 14:30:00","_EventEndDateUTC":"2024-05-16 16:00:00","_EventShowMap":false,"_EventShowMapLink":false,"_EventURL":"","_EventCost":"","_EventCostDescription":"","_EventCurrencySymbol":"\u20ac","_EventCurrencyCode":"EUR","_EventCurrencyPosition":"prefix","_EventDateTimeSeparator":" @ ","_EventTimeRangeSeparator":" - ","_EventOrganizerID":[],"_EventVenueID":[],"_OrganizerEmail":"","_OrganizerPhone":"","_OrganizerWebsite":"","_VenueAddress":"","_VenueCity":"","_VenueCountry":"","_VenueProvince":"","_VenueState":"","_VenueZip":"","_VenuePhone":"","_VenueURL":"","_VenueStateProvince":"","_VenueLat":"","_VenueLng":"","_VenueShowMap":false,"_VenueShowMapLink":false,"_tribe_events_status":"","_tribe_events_status_reason":"","footnotes":""},"tags":[],"tribe_events_cat":[],"class_list":["post-5009","tribe_events","type-tribe_events","status-publish","has-post-thumbnail","hentry"],"_links":{"self":[{"href":"https:\/\/tuttipertutti.org\/index.php\/wp-json\/wp\/v2\/tribe_events\/5009","targetHints":{"allow":["GET"]}}],"collection":[{"href":"https:\/\/tuttipertutti.org\/index.php\/wp-json\/wp\/v2\/tribe_events"}],"about":[{"href":"https:\/\/tuttipertutti.org\/index.php\/wp-json\/wp\/v2\/types\/tribe_events"}],"author":[{"embeddable":true,"href":"https:\/\/tuttipertutti.org\/index.php\/wp-json\/wp\/v2\/users\/1"}],"version-history":[{"count":17,"href":"https:\/\/tuttipertutti.org\/index.php\/wp-json\/wp\/v2\/tribe_events\/5009\/revisions"}],"predecessor-version":[{"id":5055,"href":"https:\/\/tuttipertutti.org\/index.php\/wp-json\/wp\/v2\/tribe_events\/5009\/revisions\/5055"}],"wp:featuredmedia":[{"embeddable":true,"href":"https:\/\/tuttipertutti.org\/index.php\/wp-json\/wp\/v2\/media\/5053"}],"wp:attachment":[{"href":"https:\/\/tuttipertutti.org\/index.php\/wp-json\/wp\/v2\/media?parent=5009"}],"wp:term":[{"taxonomy":"post_tag","embeddable":true,"href":"https:\/\/tuttipertutti.org\/index.php\/wp-json\/wp\/v2\/tags?post=5009"},{"taxonomy":"tribe_events_cat","embeddable":true,"href":"https:\/\/tuttipertutti.org\/index.php\/wp-json\/wp\/v2\/tribe_events_cat?post=5009"}],"curies":[{"name":"wp","href":"https:\/\/api.w.org\/{rel}","templated":true}]}}